{"id":774,"date":"2021-05-30T08:50:06","date_gmt":"2021-05-30T07:50:06","guid":{"rendered":"https:\/\/www.lesfreresdebekker.be\/portfolio-items\/abattoir-caves\/"},"modified":"2021-06-06T09:09:48","modified_gmt":"2021-06-06T08:09:48","slug":"abattoir-caves","status":"publish","type":"avada_portfolio","link":"https:\/\/www.lesfreresdebekker.be\/nl\/portfolio-items\/abattoir-caves\/","title":{"rendered":"Abattoir (Caves)"},"content":{"rendered":"<div class=\"fusion-fullwidth fullwidth-box fusion-builder-row-1 fusion-flex-container nonhundred-percent-fullwidth non-hundred-percent-height-scrolling\" style=\"--awb-border-radius-top-left:0px;--awb-border-radius-top-right:0px;--awb-border-radius-bottom-right:0px;--awb-border-radius-bottom-left:0px;\" ><div class=\"fusion-builder-row fusion-row fusion-flex-align-items-flex-start\" style=\"max-width:1040px;margin-left: calc(-4% \/ 2 );margin-right: calc(-4% \/ 2 );\"><div class=\"fusion-layout-column fusion_builder_column fusion-builder-column-0 fusion_builder_column_1_1 1_1 fusion-flex-column\" style=\"--awb-bg-size:cover;--awb-width-large:100%;--awb-margin-top-large:0px;--awb-spacing-right-large:1.92%;--awb-margin-bottom-large:0px;--awb-spacing-left-large:1.92%;--awb-width-medium:100%;--awb-spacing-right-medium:1.92%;--awb-spacing-left-medium:1.92%;--awb-width-small:100%;--awb-spacing-right-small:1.92%;--awb-spacing-left-small:1.92%;\"><div class=\"fusion-column-wrapper fusion-flex-justify-content-flex-start fusion-content-layout-column\"><div class=\"fusion-title title fusion-title-1 fusion-sep-none fusion-title-text fusion-title-size-two\" style=\"--awb-margin-bottom:10px;--awb-font-size:18px;\"><h2 class=\"title-heading-left\" style=\"margin:0;font-size:1em;line-height:0px;\">Abattoir (Caves)<\/h2><\/div><div class=\"fusion-title title fusion-title-2 fusion-sep-none fusion-title-text fusion-title-size-four\" style=\"--awb-font-size:13px;\"><h4 class=\"title-heading-left\" style=\"margin:0;font-size:1em;\">Brussels, Referentiezalen<\/h4><\/div><div class=\"fusion-text fusion-text-1\"><p>Nous vous invitons \u00e0 d\u00e9couvrir un des lieux les plus originaux de Bruxelles \u2013 un cadre spectaculaire pour vos d\u00eeners, r\u00e9unions ou salons mis en sc\u00e8ne dans un d\u00e9cor de caves vo\u00fbt\u00e9es du 19\u00e8me si\u00e8cle, \u00e9rig\u00e9es par une arm\u00e9e de colonnes de style antique.<\/p>\n<\/div><\/div><\/div><\/div><\/div>\n","protected":false},"excerpt":{"rendered":"","protected":false},"author":1,"featured_media":469,"menu_order":0,"comment_status":"closed","ping_status":"closed","template":"","format":"standard","meta":{"footnotes":""},"portfolio_category":[37,40],"portfolio_skills":[],"portfolio_tags":[48],"class_list":["post-774","avada_portfolio","type-avada_portfolio","status-publish","format-standard","has-post-thumbnail","hentry","portfolio_category-brussels-nl","portfolio_category-referentiezalen","portfolio_tags-brussels"],"yoast_head":"<!-- This site is optimized with the Yoast SEO plugin v26.7 - https:\/\/yoast.com\/wordpress\/plugins\/seo\/ -->\n<title>Abattoir (Caves) - Les Fr\u00e8res Debekker<\/title>\n<meta name=\"robots\" content=\"index, follow, max-snippet:-1, max-image-preview:large, max-video-preview:-1\" \/>\n<link rel=\"canonical\" href=\"https:\/\/www.lesfreresdebekker.be\/nl\/portfolio-items\/abattoir-caves\/\" \/>\n<meta property=\"og:locale\" content=\"nl_NL\" \/>\n<meta property=\"og:type\" content=\"article\" \/>\n<meta property=\"og:title\" content=\"Abattoir (Caves) - Les Fr\u00e8res Debekker\" \/>\n<meta property=\"og:url\" content=\"https:\/\/www.lesfreresdebekker.be\/nl\/portfolio-items\/abattoir-caves\/\" \/>\n<meta property=\"og:site_name\" content=\"Les Fr\u00e8res Debekker\" \/>\n<meta property=\"article:modified_time\" content=\"2021-06-06T08:09:48+00:00\" \/>\n<meta property=\"og:image\" content=\"https:\/\/www.lesfreresdebekker.be\/wp-content\/uploads\/2021\/05\/kelders-300x208-1.jpg\" \/>\n\t<meta property=\"og:image:width\" content=\"300\" \/>\n\t<meta property=\"og:image:height\" content=\"208\" \/>\n\t<meta property=\"og:image:type\" content=\"image\/jpeg\" \/>\n<meta name=\"twitter:card\" content=\"summary_large_image\" \/>\n<meta name=\"twitter:label1\" content=\"Geschatte leestijd\" \/>\n\t<meta name=\"twitter:data1\" content=\"3 minuten\" \/>\n<script type=\"application\/ld+json\" class=\"yoast-schema-graph\">{\"@context\":\"https:\/\/schema.org\",\"@graph\":[{\"@type\":\"WebPage\",\"@id\":\"https:\/\/www.lesfreresdebekker.be\/nl\/portfolio-items\/abattoir-caves\/\",\"url\":\"https:\/\/www.lesfreresdebekker.be\/nl\/portfolio-items\/abattoir-caves\/\",\"name\":\"Abattoir (Caves) - Les Fr\u00e8res Debekker\",\"isPartOf\":{\"@id\":\"https:\/\/www.lesfreresdebekker.be\/#website\"},\"primaryImageOfPage\":{\"@id\":\"https:\/\/www.lesfreresdebekker.be\/nl\/portfolio-items\/abattoir-caves\/#primaryimage\"},\"image\":{\"@id\":\"https:\/\/www.lesfreresdebekker.be\/nl\/portfolio-items\/abattoir-caves\/#primaryimage\"},\"thumbnailUrl\":\"https:\/\/www.lesfreresdebekker.be\/wp-content\/uploads\/2021\/05\/kelders-300x208-1.jpg\",\"datePublished\":\"2021-05-30T07:50:06+00:00\",\"dateModified\":\"2021-06-06T08:09:48+00:00\",\"breadcrumb\":{\"@id\":\"https:\/\/www.lesfreresdebekker.be\/nl\/portfolio-items\/abattoir-caves\/#breadcrumb\"},\"inLanguage\":\"nl-NL\",\"potentialAction\":[{\"@type\":\"ReadAction\",\"target\":[\"https:\/\/www.lesfreresdebekker.be\/nl\/portfolio-items\/abattoir-caves\/\"]}]},{\"@type\":\"ImageObject\",\"inLanguage\":\"nl-NL\",\"@id\":\"https:\/\/www.lesfreresdebekker.be\/nl\/portfolio-items\/abattoir-caves\/#primaryimage\",\"url\":\"https:\/\/www.lesfreresdebekker.be\/wp-content\/uploads\/2021\/05\/kelders-300x208-1.jpg\",\"contentUrl\":\"https:\/\/www.lesfreresdebekker.be\/wp-content\/uploads\/2021\/05\/kelders-300x208-1.jpg\",\"width\":300,\"height\":208},{\"@type\":\"BreadcrumbList\",\"@id\":\"https:\/\/www.lesfreresdebekker.be\/nl\/portfolio-items\/abattoir-caves\/#breadcrumb\",\"itemListElement\":[{\"@type\":\"ListItem\",\"position\":1,\"name\":\"Accueil\",\"item\":\"https:\/\/www.lesfreresdebekker.be\/\"},{\"@type\":\"ListItem\",\"position\":2,\"name\":\"Portfolio\",\"item\":\"https:\/\/www.lesfreresdebekker.be\/en\/portfolio-items\/\"},{\"@type\":\"ListItem\",\"position\":3,\"name\":\"Abattoir (Caves)\"}]},{\"@type\":\"WebSite\",\"@id\":\"https:\/\/www.lesfreresdebekker.be\/#website\",\"url\":\"https:\/\/www.lesfreresdebekker.be\/\",\"name\":\"Les Fr\u00e8res Debekker\",\"description\":\"\",\"potentialAction\":[{\"@type\":\"SearchAction\",\"target\":{\"@type\":\"EntryPoint\",\"urlTemplate\":\"https:\/\/www.lesfreresdebekker.be\/?s={search_term_string}\"},\"query-input\":{\"@type\":\"PropertyValueSpecification\",\"valueRequired\":true,\"valueName\":\"search_term_string\"}}],\"inLanguage\":\"nl-NL\"}]}<\/script>\n<!-- \/ Yoast SEO plugin. -->","yoast_head_json":{"title":"Abattoir (Caves) - Les Fr\u00e8res Debekker","robots":{"index":"index","follow":"follow","max-snippet":"max-snippet:-1","max-image-preview":"max-image-preview:large","max-video-preview":"max-video-preview:-1"},"canonical":"https:\/\/www.lesfreresdebekker.be\/nl\/portfolio-items\/abattoir-caves\/","og_locale":"nl_NL","og_type":"article","og_title":"Abattoir (Caves) - Les Fr\u00e8res Debekker","og_url":"https:\/\/www.lesfreresdebekker.be\/nl\/portfolio-items\/abattoir-caves\/","og_site_name":"Les Fr\u00e8res Debekker","article_modified_time":"2021-06-06T08:09:48+00:00","og_image":[{"width":300,"height":208,"url":"https:\/\/www.lesfreresdebekker.be\/wp-content\/uploads\/2021\/05\/kelders-300x208-1.jpg","type":"image\/jpeg"}],"twitter_card":"summary_large_image","twitter_misc":{"Geschatte leestijd":"3 minuten"},"schema":{"@context":"https:\/\/schema.org","@graph":[{"@type":"WebPage","@id":"https:\/\/www.lesfreresdebekker.be\/nl\/portfolio-items\/abattoir-caves\/","url":"https:\/\/www.lesfreresdebekker.be\/nl\/portfolio-items\/abattoir-caves\/","name":"Abattoir (Caves) - Les Fr\u00e8res Debekker","isPartOf":{"@id":"https:\/\/www.lesfreresdebekker.be\/#website"},"primaryImageOfPage":{"@id":"https:\/\/www.lesfreresdebekker.be\/nl\/portfolio-items\/abattoir-caves\/#primaryimage"},"image":{"@id":"https:\/\/www.lesfreresdebekker.be\/nl\/portfolio-items\/abattoir-caves\/#primaryimage"},"thumbnailUrl":"https:\/\/www.lesfreresdebekker.be\/wp-content\/uploads\/2021\/05\/kelders-300x208-1.jpg","datePublished":"2021-05-30T07:50:06+00:00","dateModified":"2021-06-06T08:09:48+00:00","breadcrumb":{"@id":"https:\/\/www.lesfreresdebekker.be\/nl\/portfolio-items\/abattoir-caves\/#breadcrumb"},"inLanguage":"nl-NL","potentialAction":[{"@type":"ReadAction","target":["https:\/\/www.lesfreresdebekker.be\/nl\/portfolio-items\/abattoir-caves\/"]}]},{"@type":"ImageObject","inLanguage":"nl-NL","@id":"https:\/\/www.lesfreresdebekker.be\/nl\/portfolio-items\/abattoir-caves\/#primaryimage","url":"https:\/\/www.lesfreresdebekker.be\/wp-content\/uploads\/2021\/05\/kelders-300x208-1.jpg","contentUrl":"https:\/\/www.lesfreresdebekker.be\/wp-content\/uploads\/2021\/05\/kelders-300x208-1.jpg","width":300,"height":208},{"@type":"BreadcrumbList","@id":"https:\/\/www.lesfreresdebekker.be\/nl\/portfolio-items\/abattoir-caves\/#breadcrumb","itemListElement":[{"@type":"ListItem","position":1,"name":"Accueil","item":"https:\/\/www.lesfreresdebekker.be\/"},{"@type":"ListItem","position":2,"name":"Portfolio","item":"https:\/\/www.lesfreresdebekker.be\/en\/portfolio-items\/"},{"@type":"ListItem","position":3,"name":"Abattoir (Caves)"}]},{"@type":"WebSite","@id":"https:\/\/www.lesfreresdebekker.be\/#website","url":"https:\/\/www.lesfreresdebekker.be\/","name":"Les Fr\u00e8res Debekker","description":"","potentialAction":[{"@type":"SearchAction","target":{"@type":"EntryPoint","urlTemplate":"https:\/\/www.lesfreresdebekker.be\/?s={search_term_string}"},"query-input":{"@type":"PropertyValueSpecification","valueRequired":true,"valueName":"search_term_string"}}],"inLanguage":"nl-NL"}]}},"_links":{"self":[{"href":"https:\/\/www.lesfreresdebekker.be\/nl\/wp-json\/wp\/v2\/avada_portfolio\/774","targetHints":{"allow":["GET"]}}],"collection":[{"href":"https:\/\/www.lesfreresdebekker.be\/nl\/wp-json\/wp\/v2\/avada_portfolio"}],"about":[{"href":"https:\/\/www.lesfreresdebekker.be\/nl\/wp-json\/wp\/v2\/types\/avada_portfolio"}],"author":[{"embeddable":true,"href":"https:\/\/www.lesfreresdebekker.be\/nl\/wp-json\/wp\/v2\/users\/1"}],"replies":[{"embeddable":true,"href":"https:\/\/www.lesfreresdebekker.be\/nl\/wp-json\/wp\/v2\/comments?post=774"}],"version-history":[{"count":4,"href":"https:\/\/www.lesfreresdebekker.be\/nl\/wp-json\/wp\/v2\/avada_portfolio\/774\/revisions"}],"predecessor-version":[{"id":1085,"href":"https:\/\/www.lesfreresdebekker.be\/nl\/wp-json\/wp\/v2\/avada_portfolio\/774\/revisions\/1085"}],"wp:featuredmedia":[{"embeddable":true,"href":"https:\/\/www.lesfreresdebekker.be\/nl\/wp-json\/wp\/v2\/media\/469"}],"wp:attachment":[{"href":"https:\/\/www.lesfreresdebekker.be\/nl\/wp-json\/wp\/v2\/media?parent=774"}],"wp:term":[{"taxonomy":"portfolio_category","embeddable":true,"href":"https:\/\/www.lesfreresdebekker.be\/nl\/wp-json\/wp\/v2\/portfolio_category?post=774"},{"taxonomy":"portfolio_skills","embeddable":true,"href":"https:\/\/www.lesfreresdebekker.be\/nl\/wp-json\/wp\/v2\/portfolio_skills?post=774"},{"taxonomy":"portfolio_tags","embeddable":true,"href":"https:\/\/www.lesfreresdebekker.be\/nl\/wp-json\/wp\/v2\/portfolio_tags?post=774"}],"curies":[{"name":"wp","href":"https:\/\/api.w.org\/{rel}","templated":true}]}}